{"id":2086,"date":"2026-03-03T13:12:19","date_gmt":"2026-03-03T12:12:19","guid":{"rendered":"https:\/\/sophieduchamp.fr\/?page_id=2086"},"modified":"2026-03-06T15:33:35","modified_gmt":"2026-03-06T14:33:35","slug":"retraites-2","status":"publish","type":"page","link":"https:\/\/sophieduchamp.fr\/index.php\/retraites-2\/","title":{"rendered":"RETRAITES"},"content":{"rendered":"\n<div style=\"height:10px\" aria-hidden=\"true\" class=\"wp-block-spacer\"><\/div>\n\n\n\n<p class=\"has-text-color has-link-color has-large-font-size wp-elements-30494d34c0c4cd03b826a78fa6453df0\" style=\"color:#d9a299;text-transform:uppercase\"><strong>Espace Sacr\u00e9 de Retour en Soi<\/strong><\/p>\n\n\n\n<figure class=\"wp-block-image aligncenter size-full is-resized\"><img fetchpriority=\"high\" decoding=\"async\" width=\"489\" height=\"332\" src=\"https:\/\/sophieduchamp.fr\/wp-content\/uploads\/2026\/03\/Black-And-White-Minimalist-Typography-Personal-Logo-3-1.png\" alt=\"\" class=\"wp-image-2253\" style=\"width:370px\" srcset=\"https:\/\/sophieduchamp.fr\/wp-content\/uploads\/2026\/03\/Black-And-White-Minimalist-Typography-Personal-Logo-3-1.png 489w, https:\/\/sophieduchamp.fr\/wp-content\/uploads\/2026\/03\/Black-And-White-Minimalist-Typography-Personal-Logo-3-1-300x204.png 300w, https:\/\/sophieduchamp.fr\/wp-content\/uploads\/2026\/03\/Black-And-White-Minimalist-Typography-Personal-Logo-3-1-100x68.png 100w, https:\/\/sophieduchamp.fr\/wp-content\/uploads\/2026\/03\/Black-And-White-Minimalist-Typography-Personal-Logo-3-1-150x102.png 150w, https:\/\/sophieduchamp.fr\/wp-content\/uploads\/2026\/03\/Black-And-White-Minimalist-Typography-Personal-Logo-3-1-200x136.png 200w, https:\/\/sophieduchamp.fr\/wp-content\/uploads\/2026\/03\/Black-And-White-Minimalist-Typography-Personal-Logo-3-1-450x306.png 450w\" sizes=\"(max-width: 489px) 100vw, 489px\" \/><\/figure>\n\n\n\n<figure class=\"wp-block-image aligncenter size-large is-resized\"><img decoding=\"async\" width=\"1024\" height=\"609\" src=\"https:\/\/sophieduchamp.fr\/wp-content\/uploads\/2026\/03\/Lessence-de-cet-espace-1-1-1024x609.jpg\" alt=\"\" class=\"wp-image-2494\" style=\"aspect-ratio:1.6815157894736843;width:583px;height:auto\" srcset=\"https:\/\/sophieduchamp.fr\/wp-content\/uploads\/2026\/03\/Lessence-de-cet-espace-1-1-1024x609.jpg 1024w, https:\/\/sophieduchamp.fr\/wp-content\/uploads\/2026\/03\/Lessence-de-cet-espace-1-1-300x178.jpg 300w, https:\/\/sophieduchamp.fr\/wp-content\/uploads\/2026\/03\/Lessence-de-cet-espace-1-1-768x456.jpg 768w, https:\/\/sophieduchamp.fr\/wp-content\/uploads\/2026\/03\/Lessence-de-cet-espace-1-1-1536x913.jpg 1536w, https:\/\/sophieduchamp.fr\/wp-content\/uploads\/2026\/03\/Lessence-de-cet-espace-1-1-100x59.jpg 100w, https:\/\/sophieduchamp.fr\/wp-content\/uploads\/2026\/03\/Lessence-de-cet-espace-1-1-150x89.jpg 150w, https:\/\/sophieduchamp.fr\/wp-content\/uploads\/2026\/03\/Lessence-de-cet-espace-1-1-200x119.jpg 200w, https:\/\/sophieduchamp.fr\/wp-content\/uploads\/2026\/03\/Lessence-de-cet-espace-1-1-450x267.jpg 450w, https:\/\/sophieduchamp.fr\/wp-content\/uploads\/2026\/03\/Lessence-de-cet-espace-1-1-600x357.jpg 600w, https:\/\/sophieduchamp.fr\/wp-content\/uploads\/2026\/03\/Lessence-de-cet-espace-1-1-900x535.jpg 900w, https:\/\/sophieduchamp.fr\/wp-content\/uploads\/2026\/03\/Lessence-de-cet-espace-1-1.jpg 1590w\" sizes=\"(max-width: 1024px) 100vw, 1024px\" \/><\/figure>\n\n\n\n<div style=\"height:39px\" aria-hidden=\"true\" class=\"wp-block-spacer\"><\/div>\n\n\n\n<div class=\"wp-block-columns is-layout-flex wp-container-core-columns-is-layout-9d6595d7 wp-block-columns-is-layout-flex\">\n<div class=\"wp-block-column is-layout-flow wp-block-column-is-layout-flow\" style=\"flex-basis:10%\"><\/div>\n\n\n\n<div class=\"wp-block-column is-layout-flow wp-block-column-is-layout-flow\" style=\"flex-basis:104.8%\">\n<p class=\"has-text-align-left has-text-color has-link-color has-small-font-size wp-elements-943a5eaa7505c2f0c6610a418363b654\" style=\"color:#a16e66\">Depuis d\u00e9cembre 2022, je propose 2 \u00e0 3 fois par an un temps de retraite, de retour en soi, aux femmes d\u00e9sireuses de prendre soin d&rsquo;elles. J&rsquo;aime ces espaces, que j&rsquo;appelle \u00ab\u00a0sacr\u00e9s\u00a0\u00bb. Uniques, magiques, transformateurs et lib\u00e9rateurs. Mes outils pour accompagner ces femmes le temps de ces retraites sont issues des formations, transmissions et exp\u00e9riences qui ont fait de moi la femme que je suis aujourd&rsquo;hui.<\/p>\n\n\n\n<p class=\"has-text-align-left has-text-color has-link-color has-small-font-size wp-elements-429c50c30dc132b54dcc3c8755b2b7cd\" style=\"color:#a16e66\">Le <strong>YOGA<\/strong>, bien s\u00fbr, pour <strong>revenir en pr\u00e9sence dans le corps<\/strong>, le faire vibrer, danser, bouger, le sentir pleinement vivant. Ma pratique de Yoga m\u00eale le Hatha, le Yin et le restauratif; ainsi que le mouvement doux et dans\u00e9 de la Danse du Dragon, une pratique issue du Yin Yoga.<\/p>\n\n\n\n<p class=\"has-text-align-left has-text-color has-link-color has-small-font-size wp-elements-b246796dac7387bf56e2564123202ed0\" style=\"color:#a16e66\">La <strong>RESPIRATION<\/strong>, pour go\u00fbter \u00e0 ce souffle de vie pr\u00e9sent au quotidien mais que bien souvent les gens ont tendance \u00e0 oublier, \u00e0 laisser faire. Alors qu&rsquo;il est tellement bon et important de prendre le temps de <strong>respirer en conscience<\/strong>. Prendre conscience du souffle, se nourrir de cette \u00e9nergie de vie, <strong>se ressourcer<\/strong>, se recentrer, revitaliser le corps, <strong>apaiser le mental<\/strong>&#8230;<\/p>\n\n\n\n<p class=\"has-text-align-left has-text-color has-link-color has-small-font-size wp-elements-f28f2225d008d96ca67cfd1fa8b7cfbc\" style=\"color:#a16e66\">La <strong>PAROLE<\/strong>, les mots. <strong>Les mots qui lib\u00e8rent<\/strong> et gu\u00e9rissent les maux, du corps et de l&rsquo;\u00e2me. A travers des temps d&rsquo;\u00e9change, de partage, d&rsquo;\u00e9coute <strong>bienveillante<\/strong>. Et au sein de <strong>CERCLES DE FEMMES<\/strong>, espaces sacr\u00e9s ou la parole lib\u00e8re, all\u00e8ge et apaise.<\/p>\n\n\n\n<p class=\"has-text-align-left has-text-color has-link-color has-small-font-size wp-elements-cfcc7e27be609db7fff0a558ca06c4b7\" style=\"color:#a16e66\">L&rsquo;\u00e9tude des textes sacr\u00e9s du Yoga pour comprendre son essence et ses fondements. Le <strong>PARTAGE DES SAGESSES <\/strong>issues de diff\u00e9rentes traditions, autour de la spiritualit\u00e9, du <strong>d\u00e9veloppement personnel<\/strong>, de l&rsquo;Ayurveda, de la connaissance de soi, de <strong>l&rsquo;amour de soi<\/strong>.<\/p>\n\n\n\n<p class=\"has-text-align-left has-text-color has-link-color has-small-font-size wp-elements-fd4bbba52936c48b9b1b4c04470d3ecb\" style=\"color:#a16e66\">Pendant ces deux jours de retraite, je fais de mon mieux pour inviter chacune \u00e0 <strong>go\u00fbter \u00e0 la magie bienveillante de la sororit\u00e9<\/strong>, pour se sentir \u00e0 sa place et sentir que c&rsquo;est ok de faire tomber les masques, <strong>juste \u00eatre soi<\/strong>. Retrouver ce que c&rsquo;est qu&rsquo;\u00eatre soi. Apprendre \u00e0 se conna\u00eetre un peu plus, <strong>apprendre \u00e0 s&rsquo;aimer tout simplement<\/strong>. Car nous aurons beau faire tout le cheminement possible, tout le d\u00e9veloppement personnel, tout le travail sur soi qu&rsquo;il nous est possible de faire en une vie&#8230; Nous trouverons toujours sur notre chemin des personnes qui ne nous aimerons pas ou nous critiquerons. <strong>Alors peu importe le regard de l&rsquo;autre. Ce qui importe c&rsquo;est l&rsquo;amour que l&rsquo;on se porte.<\/strong><\/p>\n<\/div>\n\n\n\n<div class=\"wp-block-column is-layout-flow wp-block-column-is-layout-flow\" style=\"flex-basis:10%\"><\/div>\n<\/div>\n\n\n\n<p class=\"has-text-align-left has-text-color has-link-color has-small-font-size wp-elements-c267c45f8eceeb5886c14a65bc5c4aa0\" style=\"color:#a16e66\"><\/p>\n\n\n\n<figure class=\"wp-block-image aligncenter size-full\"><img decoding=\"async\" width=\"500\" height=\"78\" src=\"https:\/\/sophieduchamp.fr\/wp-content\/uploads\/2026\/03\/LUNES-marron-fonce.jpg\" alt=\"\" class=\"wp-image-2433\" srcset=\"https:\/\/sophieduchamp.fr\/wp-content\/uploads\/2026\/03\/LUNES-marron-fonce.jpg 500w, https:\/\/sophieduchamp.fr\/wp-content\/uploads\/2026\/03\/LUNES-marron-fonce-300x47.jpg 300w, https:\/\/sophieduchamp.fr\/wp-content\/uploads\/2026\/03\/LUNES-marron-fonce-100x16.jpg 100w, https:\/\/sophieduchamp.fr\/wp-content\/uploads\/2026\/03\/LUNES-marron-fonce-150x23.jpg 150w, https:\/\/sophieduchamp.fr\/wp-content\/uploads\/2026\/03\/LUNES-marron-fonce-200x31.jpg 200w, https:\/\/sophieduchamp.fr\/wp-content\/uploads\/2026\/03\/LUNES-marron-fonce-450x70.jpg 450w\" sizes=\"(max-width: 500px) 100vw, 500px\" \/><\/figure>\n\n\n\n<div style=\"height:26px\" aria-hidden=\"true\" class=\"wp-block-spacer\"><\/div>\n\n\n\n<p class=\"has-text-color has-link-color has-large-font-size wp-elements-f027f7190af94c5a6c07060d7a7aefcc\" style=\"color:#d9a299\"><strong>RETRAITE \u00ab\u00a0AU COEUR DE L&rsquo;HIVER\u00a0\u00bb<\/strong> Du 6 au 8 F\u00e9vrier 2026<\/p>\n\n\n\n<figure class=\"wp-block-gallery has-nested-images columns-4 is-cropped wp-block-gallery-1 is-layout-flex wp-block-gallery-is-layout-flex\">\n<figure class=\"wp-block-image size-full\"><img loading=\"lazy\" decoding=\"async\" width=\"940\" height=\"788\" data-id=\"2509\" src=\"https:\/\/sophieduchamp.fr\/wp-content\/uploads\/2026\/03\/1.jpg\" alt=\"\" class=\"wp-image-2509\" srcset=\"https:\/\/sophieduchamp.fr\/wp-content\/uploads\/2026\/03\/1.jpg 940w, https:\/\/sophieduchamp.fr\/wp-content\/uploads\/2026\/03\/1-300x251.jpg 300w, https:\/\/sophieduchamp.fr\/wp-content\/uploads\/2026\/03\/1-768x644.jpg 768w, https:\/\/sophieduchamp.fr\/wp-content\/uploads\/2026\/03\/1-100x84.jpg 100w, https:\/\/sophieduchamp.fr\/wp-content\/uploads\/2026\/03\/1-150x126.jpg 150w, https:\/\/sophieduchamp.fr\/wp-content\/uploads\/2026\/03\/1-200x168.jpg 200w, https:\/\/sophieduchamp.fr\/wp-content\/uploads\/2026\/03\/1-450x377.jpg 450w, https:\/\/sophieduchamp.fr\/wp-content\/uploads\/2026\/03\/1-600x503.jpg 600w, https:\/\/sophieduchamp.fr\/wp-content\/uploads\/2026\/03\/1-900x754.jpg 900w\" sizes=\"(max-width: 940px) 100vw, 940px\" \/><\/figure>\n\n\n\n<figure class=\"wp-block-image size-full\"><img loading=\"lazy\" decoding=\"async\" width=\"940\" height=\"788\" data-id=\"2510\" src=\"https:\/\/sophieduchamp.fr\/wp-content\/uploads\/2026\/03\/2.jpg\" alt=\"\" class=\"wp-image-2510\" srcset=\"https:\/\/sophieduchamp.fr\/wp-content\/uploads\/2026\/03\/2.jpg 940w, https:\/\/sophieduchamp.fr\/wp-content\/uploads\/2026\/03\/2-300x251.jpg 300w, https:\/\/sophieduchamp.fr\/wp-content\/uploads\/2026\/03\/2-768x644.jpg 768w, https:\/\/sophieduchamp.fr\/wp-content\/uploads\/2026\/03\/2-100x84.jpg 100w, https:\/\/sophieduchamp.fr\/wp-content\/uploads\/2026\/03\/2-150x126.jpg 150w, https:\/\/sophieduchamp.fr\/wp-content\/uploads\/2026\/03\/2-200x168.jpg 200w, https:\/\/sophieduchamp.fr\/wp-content\/uploads\/2026\/03\/2-450x377.jpg 450w, https:\/\/sophieduchamp.fr\/wp-content\/uploads\/2026\/03\/2-600x503.jpg 600w, https:\/\/sophieduchamp.fr\/wp-content\/uploads\/2026\/03\/2-900x754.jpg 900w\" sizes=\"(max-width: 940px) 100vw, 940px\" \/><\/figure>\n\n\n\n<figure class=\"wp-block-image size-full\"><img loading=\"lazy\" decoding=\"async\" width=\"940\" height=\"788\" data-id=\"2512\" src=\"https:\/\/sophieduchamp.fr\/wp-content\/uploads\/2026\/03\/3.jpg\" alt=\"\" class=\"wp-image-2512\" srcset=\"https:\/\/sophieduchamp.fr\/wp-content\/uploads\/2026\/03\/3.jpg 940w, https:\/\/sophieduchamp.fr\/wp-content\/uploads\/2026\/03\/3-300x251.jpg 300w, https:\/\/sophieduchamp.fr\/wp-content\/uploads\/2026\/03\/3-768x644.jpg 768w, https:\/\/sophieduchamp.fr\/wp-content\/uploads\/2026\/03\/3-100x84.jpg 100w, https:\/\/sophieduchamp.fr\/wp-content\/uploads\/2026\/03\/3-150x126.jpg 150w, https:\/\/sophieduchamp.fr\/wp-content\/uploads\/2026\/03\/3-200x168.jpg 200w, https:\/\/sophieduchamp.fr\/wp-content\/uploads\/2026\/03\/3-450x377.jpg 450w, https:\/\/sophieduchamp.fr\/wp-content\/uploads\/2026\/03\/3-600x503.jpg 600w, https:\/\/sophieduchamp.fr\/wp-content\/uploads\/2026\/03\/3-900x754.jpg 900w\" sizes=\"(max-width: 940px) 100vw, 940px\" \/><\/figure>\n\n\n\n<figure class=\"wp-block-image size-full\"><img loading=\"lazy\" decoding=\"async\" width=\"940\" height=\"788\" data-id=\"2511\" src=\"https:\/\/sophieduchamp.fr\/wp-content\/uploads\/2026\/03\/4.jpg\" alt=\"\" class=\"wp-image-2511\" srcset=\"https:\/\/sophieduchamp.fr\/wp-content\/uploads\/2026\/03\/4.jpg 940w, https:\/\/sophieduchamp.fr\/wp-content\/uploads\/2026\/03\/4-300x251.jpg 300w, https:\/\/sophieduchamp.fr\/wp-content\/uploads\/2026\/03\/4-768x644.jpg 768w, https:\/\/sophieduchamp.fr\/wp-content\/uploads\/2026\/03\/4-100x84.jpg 100w, https:\/\/sophieduchamp.fr\/wp-content\/uploads\/2026\/03\/4-150x126.jpg 150w, https:\/\/sophieduchamp.fr\/wp-content\/uploads\/2026\/03\/4-200x168.jpg 200w, https:\/\/sophieduchamp.fr\/wp-content\/uploads\/2026\/03\/4-450x377.jpg 450w, https:\/\/sophieduchamp.fr\/wp-content\/uploads\/2026\/03\/4-600x503.jpg 600w, https:\/\/sophieduchamp.fr\/wp-content\/uploads\/2026\/03\/4-900x754.jpg 900w\" sizes=\"(max-width: 940px) 100vw, 940px\" \/><\/figure>\n<\/figure>\n\n\n\n<div style=\"height:67px\" aria-hidden=\"true\" class=\"wp-block-spacer\"><\/div>\n\n\n\n<p class=\"has-text-color has-link-color has-large-font-size wp-elements-5b9a91be0bbec8703f9898b4c3a908bc\" style=\"color:#d9a299\"><strong>RETRAITE \u00ab\u00a0ACCUEILLIR L&rsquo;AUTOMNE\u00a0\u00bb<\/strong> Du 19 au 21 Septembre 2025<\/p>\n\n\n\n<figure class=\"wp-block-gallery has-nested-images columns-4 is-cropped wp-block-gallery-2 is-layout-flex wp-block-gallery-is-layout-flex\">\n<figure class=\"wp-block-image size-full\"><img loading=\"lazy\" decoding=\"async\" width=\"940\" height=\"788\" data-id=\"2018\" src=\"https:\/\/sophieduchamp.fr\/wp-content\/uploads\/2025\/08\/1-1.jpg\" alt=\"\" class=\"wp-image-2018\" srcset=\"https:\/\/sophieduchamp.fr\/wp-content\/uploads\/2025\/08\/1-1.jpg 940w, https:\/\/sophieduchamp.fr\/wp-content\/uploads\/2025\/08\/1-1-300x251.jpg 300w, https:\/\/sophieduchamp.fr\/wp-content\/uploads\/2025\/08\/1-1-768x644.jpg 768w, https:\/\/sophieduchamp.fr\/wp-content\/uploads\/2025\/08\/1-1-100x84.jpg 100w, https:\/\/sophieduchamp.fr\/wp-content\/uploads\/2025\/08\/1-1-150x126.jpg 150w, https:\/\/sophieduchamp.fr\/wp-content\/uploads\/2025\/08\/1-1-200x168.jpg 200w, https:\/\/sophieduchamp.fr\/wp-content\/uploads\/2025\/08\/1-1-450x377.jpg 450w, https:\/\/sophieduchamp.fr\/wp-content\/uploads\/2025\/08\/1-1-600x503.jpg 600w, https:\/\/sophieduchamp.fr\/wp-content\/uploads\/2025\/08\/1-1-900x754.jpg 900w\" sizes=\"(max-width: 940px) 100vw, 940px\" \/><\/figure>\n\n\n\n<figure class=\"wp-block-image size-full\"><img loading=\"lazy\" decoding=\"async\" width=\"940\" height=\"788\" data-id=\"2023\" src=\"https:\/\/sophieduchamp.fr\/wp-content\/uploads\/2025\/08\/2-1.jpg\" alt=\"\" class=\"wp-image-2023\" srcset=\"https:\/\/sophieduchamp.fr\/wp-content\/uploads\/2025\/08\/2-1.jpg 940w, https:\/\/sophieduchamp.fr\/wp-content\/uploads\/2025\/08\/2-1-300x251.jpg 300w, https:\/\/sophieduchamp.fr\/wp-content\/uploads\/2025\/08\/2-1-768x644.jpg 768w, https:\/\/sophieduchamp.fr\/wp-content\/uploads\/2025\/08\/2-1-100x84.jpg 100w, https:\/\/sophieduchamp.fr\/wp-content\/uploads\/2025\/08\/2-1-150x126.jpg 150w, https:\/\/sophieduchamp.fr\/wp-content\/uploads\/2025\/08\/2-1-200x168.jpg 200w, https:\/\/sophieduchamp.fr\/wp-content\/uploads\/2025\/08\/2-1-450x377.jpg 450w, https:\/\/sophieduchamp.fr\/wp-content\/uploads\/2025\/08\/2-1-600x503.jpg 600w, https:\/\/sophieduchamp.fr\/wp-content\/uploads\/2025\/08\/2-1-900x754.jpg 900w\" sizes=\"(max-width: 940px) 100vw, 940px\" \/><\/figure>\n\n\n\n<figure class=\"wp-block-image size-full\"><img loading=\"lazy\" decoding=\"async\" width=\"940\" height=\"788\" data-id=\"2020\" src=\"https:\/\/sophieduchamp.fr\/wp-content\/uploads\/2025\/08\/3-1.jpg\" alt=\"\" class=\"wp-image-2020\" srcset=\"https:\/\/sophieduchamp.fr\/wp-content\/uploads\/2025\/08\/3-1.jpg 940w, https:\/\/sophieduchamp.fr\/wp-content\/uploads\/2025\/08\/3-1-300x251.jpg 300w, https:\/\/sophieduchamp.fr\/wp-content\/uploads\/2025\/08\/3-1-768x644.jpg 768w, https:\/\/sophieduchamp.fr\/wp-content\/uploads\/2025\/08\/3-1-100x84.jpg 100w, https:\/\/sophieduchamp.fr\/wp-content\/uploads\/2025\/08\/3-1-150x126.jpg 150w, https:\/\/sophieduchamp.fr\/wp-content\/uploads\/2025\/08\/3-1-200x168.jpg 200w, https:\/\/sophieduchamp.fr\/wp-content\/uploads\/2025\/08\/3-1-450x377.jpg 450w, https:\/\/sophieduchamp.fr\/wp-content\/uploads\/2025\/08\/3-1-600x503.jpg 600w, https:\/\/sophieduchamp.fr\/wp-content\/uploads\/2025\/08\/3-1-900x754.jpg 900w\" sizes=\"(max-width: 940px) 100vw, 940px\" \/><\/figure>\n\n\n\n<figure class=\"wp-block-image size-full\"><img loading=\"lazy\" decoding=\"async\" width=\"940\" height=\"788\" data-id=\"2019\" src=\"https:\/\/sophieduchamp.fr\/wp-content\/uploads\/2025\/08\/4-1.jpg\" alt=\"\" class=\"wp-image-2019\" srcset=\"https:\/\/sophieduchamp.fr\/wp-content\/uploads\/2025\/08\/4-1.jpg 940w, https:\/\/sophieduchamp.fr\/wp-content\/uploads\/2025\/08\/4-1-300x251.jpg 300w, https:\/\/sophieduchamp.fr\/wp-content\/uploads\/2025\/08\/4-1-768x644.jpg 768w, https:\/\/sophieduchamp.fr\/wp-content\/uploads\/2025\/08\/4-1-100x84.jpg 100w, https:\/\/sophieduchamp.fr\/wp-content\/uploads\/2025\/08\/4-1-150x126.jpg 150w, https:\/\/sophieduchamp.fr\/wp-content\/uploads\/2025\/08\/4-1-200x168.jpg 200w, https:\/\/sophieduchamp.fr\/wp-content\/uploads\/2025\/08\/4-1-450x377.jpg 450w, https:\/\/sophieduchamp.fr\/wp-content\/uploads\/2025\/08\/4-1-600x503.jpg 600w, https:\/\/sophieduchamp.fr\/wp-content\/uploads\/2025\/08\/4-1-900x754.jpg 900w\" sizes=\"(max-width: 940px) 100vw, 940px\" \/><\/figure>\n<\/figure>\n\n\n\n<div style=\"height:67px\" aria-hidden=\"true\" class=\"wp-block-spacer\"><\/div>\n\n\n\n<p class=\"has-text-color has-link-color has-large-font-size wp-elements-00d928fdd04e81a8cfbcde1451b2e06a\" style=\"color:#d9a299\"><strong>RETRAITE \u00ab\u00a0YOGA &amp; ECOUTE DE SOI\u00a0\u00bb<\/strong> Du 27 au 29 Juin 2025<\/p>\n\n\n\n<figure class=\"wp-block-gallery has-nested-images columns-4 is-cropped wp-block-gallery-3 is-layout-flex wp-block-gallery-is-layout-flex\">\n<figure class=\"wp-block-image size-full\"><img loading=\"lazy\" decoding=\"async\" width=\"940\" height=\"788\" data-id=\"2091\" src=\"https:\/\/sophieduchamp.fr\/wp-content\/uploads\/2025\/08\/1-2.jpg\" alt=\"\" class=\"wp-image-2091\" srcset=\"https:\/\/sophieduchamp.fr\/wp-content\/uploads\/2025\/08\/1-2.jpg 940w, https:\/\/sophieduchamp.fr\/wp-content\/uploads\/2025\/08\/1-2-300x251.jpg 300w, https:\/\/sophieduchamp.fr\/wp-content\/uploads\/2025\/08\/1-2-768x644.jpg 768w, https:\/\/sophieduchamp.fr\/wp-content\/uploads\/2025\/08\/1-2-100x84.jpg 100w, https:\/\/sophieduchamp.fr\/wp-content\/uploads\/2025\/08\/1-2-150x126.jpg 150w, https:\/\/sophieduchamp.fr\/wp-content\/uploads\/2025\/08\/1-2-200x168.jpg 200w, https:\/\/sophieduchamp.fr\/wp-content\/uploads\/2025\/08\/1-2-450x377.jpg 450w, https:\/\/sophieduchamp.fr\/wp-content\/uploads\/2025\/08\/1-2-600x503.jpg 600w, https:\/\/sophieduchamp.fr\/wp-content\/uploads\/2025\/08\/1-2-900x754.jpg 900w\" sizes=\"(max-width: 940px) 100vw, 940px\" \/><\/figure>\n\n\n\n<figure class=\"wp-block-image size-large\"><img loading=\"lazy\" decoding=\"async\" width=\"940\" height=\"788\" data-id=\"1938\" src=\"https:\/\/sophieduchamp.fr\/wp-content\/uploads\/2024\/10\/2-1.jpg\" alt=\"\" class=\"wp-image-1938\" srcset=\"https:\/\/sophieduchamp.fr\/wp-content\/uploads\/2024\/10\/2-1.jpg 940w, https:\/\/sophieduchamp.fr\/wp-content\/uploads\/2024\/10\/2-1-300x251.jpg 300w, https:\/\/sophieduchamp.fr\/wp-content\/uploads\/2024\/10\/2-1-768x644.jpg 768w, https:\/\/sophieduchamp.fr\/wp-content\/uploads\/2024\/10\/2-1-100x84.jpg 100w, https:\/\/sophieduchamp.fr\/wp-content\/uploads\/2024\/10\/2-1-150x126.jpg 150w, https:\/\/sophieduchamp.fr\/wp-content\/uploads\/2024\/10\/2-1-200x168.jpg 200w, https:\/\/sophieduchamp.fr\/wp-content\/uploads\/2024\/10\/2-1-450x377.jpg 450w, https:\/\/sophieduchamp.fr\/wp-content\/uploads\/2024\/10\/2-1-600x503.jpg 600w, https:\/\/sophieduchamp.fr\/wp-content\/uploads\/2024\/10\/2-1-900x754.jpg 900w\" sizes=\"(max-width: 940px) 100vw, 940px\" \/><\/figure>\n\n\n\n<figure class=\"wp-block-image size-full\"><img loading=\"lazy\" decoding=\"async\" width=\"940\" height=\"788\" data-id=\"2093\" src=\"https:\/\/sophieduchamp.fr\/wp-content\/uploads\/2025\/08\/3-2.jpg\" alt=\"\" class=\"wp-image-2093\" srcset=\"https:\/\/sophieduchamp.fr\/wp-content\/uploads\/2025\/08\/3-2.jpg 940w, https:\/\/sophieduchamp.fr\/wp-content\/uploads\/2025\/08\/3-2-300x251.jpg 300w, https:\/\/sophieduchamp.fr\/wp-content\/uploads\/2025\/08\/3-2-768x644.jpg 768w, https:\/\/sophieduchamp.fr\/wp-content\/uploads\/2025\/08\/3-2-100x84.jpg 100w, https:\/\/sophieduchamp.fr\/wp-content\/uploads\/2025\/08\/3-2-150x126.jpg 150w, https:\/\/sophieduchamp.fr\/wp-content\/uploads\/2025\/08\/3-2-200x168.jpg 200w, https:\/\/sophieduchamp.fr\/wp-content\/uploads\/2025\/08\/3-2-450x377.jpg 450w, https:\/\/sophieduchamp.fr\/wp-content\/uploads\/2025\/08\/3-2-600x503.jpg 600w, https:\/\/sophieduchamp.fr\/wp-content\/uploads\/2025\/08\/3-2-900x754.jpg 900w\" sizes=\"(max-width: 940px) 100vw, 940px\" \/><\/figure>\n\n\n\n<figure class=\"wp-block-image size-full\"><img loading=\"lazy\" decoding=\"async\" width=\"940\" height=\"788\" data-id=\"2094\" src=\"https:\/\/sophieduchamp.fr\/wp-content\/uploads\/2025\/08\/4-2.jpg\" alt=\"\" class=\"wp-image-2094\" srcset=\"https:\/\/sophieduchamp.fr\/wp-content\/uploads\/2025\/08\/4-2.jpg 940w, https:\/\/sophieduchamp.fr\/wp-content\/uploads\/2025\/08\/4-2-300x251.jpg 300w, https:\/\/sophieduchamp.fr\/wp-content\/uploads\/2025\/08\/4-2-768x644.jpg 768w, https:\/\/sophieduchamp.fr\/wp-content\/uploads\/2025\/08\/4-2-100x84.jpg 100w, https:\/\/sophieduchamp.fr\/wp-content\/uploads\/2025\/08\/4-2-150x126.jpg 150w, https:\/\/sophieduchamp.fr\/wp-content\/uploads\/2025\/08\/4-2-200x168.jpg 200w, https:\/\/sophieduchamp.fr\/wp-content\/uploads\/2025\/08\/4-2-450x377.jpg 450w, https:\/\/sophieduchamp.fr\/wp-content\/uploads\/2025\/08\/4-2-600x503.jpg 600w, https:\/\/sophieduchamp.fr\/wp-content\/uploads\/2025\/08\/4-2-900x754.jpg 900w\" sizes=\"(max-width: 940px) 100vw, 940px\" \/><\/figure>\n<\/figure>\n\n\n\n<div style=\"height:67px\" aria-hidden=\"true\" class=\"wp-block-spacer\"><\/div>\n\n\n\n<p class=\"has-text-color has-link-color has-large-font-size wp-elements-9252a1047a79f43b8636944891e0261a\" style=\"color:#d9a299\"><strong>RETRAITE \u00ab\u00a0RETOUR EN SOI\u00a0\u00bb<\/strong>  Du 28 au 30 mars 2025<\/p>\n\n\n\n<figure class=\"wp-block-gallery has-nested-images columns-4 is-cropped wp-block-gallery-4 is-layout-flex wp-block-gallery-is-layout-flex\">\n<figure class=\"wp-block-image size-large\"><img loading=\"lazy\" decoding=\"async\" width=\"940\" height=\"788\" data-id=\"1936\" src=\"https:\/\/sophieduchamp.fr\/wp-content\/uploads\/2024\/10\/1.jpg\" alt=\"\" class=\"wp-image-1936\" srcset=\"https:\/\/sophieduchamp.fr\/wp-content\/uploads\/2024\/10\/1.jpg 940w, https:\/\/sophieduchamp.fr\/wp-content\/uploads\/2024\/10\/1-300x251.jpg 300w, https:\/\/sophieduchamp.fr\/wp-content\/uploads\/2024\/10\/1-768x644.jpg 768w, https:\/\/sophieduchamp.fr\/wp-content\/uploads\/2024\/10\/1-100x84.jpg 100w, https:\/\/sophieduchamp.fr\/wp-content\/uploads\/2024\/10\/1-150x126.jpg 150w, https:\/\/sophieduchamp.fr\/wp-content\/uploads\/2024\/10\/1-200x168.jpg 200w, https:\/\/sophieduchamp.fr\/wp-content\/uploads\/2024\/10\/1-450x377.jpg 450w, https:\/\/sophieduchamp.fr\/wp-content\/uploads\/2024\/10\/1-600x503.jpg 600w, https:\/\/sophieduchamp.fr\/wp-content\/uploads\/2024\/10\/1-900x754.jpg 900w\" sizes=\"(max-width: 940px) 100vw, 940px\" \/><\/figure>\n\n\n\n<figure class=\"wp-block-image size-large\"><img loading=\"lazy\" decoding=\"async\" width=\"940\" height=\"788\" data-id=\"1938\" src=\"https:\/\/sophieduchamp.fr\/wp-content\/uploads\/2024\/10\/2-1.jpg\" alt=\"\" class=\"wp-image-1938\" srcset=\"https:\/\/sophieduchamp.fr\/wp-content\/uploads\/2024\/10\/2-1.jpg 940w, https:\/\/sophieduchamp.fr\/wp-content\/uploads\/2024\/10\/2-1-300x251.jpg 300w, https:\/\/sophieduchamp.fr\/wp-content\/uploads\/2024\/10\/2-1-768x644.jpg 768w, https:\/\/sophieduchamp.fr\/wp-content\/uploads\/2024\/10\/2-1-100x84.jpg 100w, https:\/\/sophieduchamp.fr\/wp-content\/uploads\/2024\/10\/2-1-150x126.jpg 150w, https:\/\/sophieduchamp.fr\/wp-content\/uploads\/2024\/10\/2-1-200x168.jpg 200w, https:\/\/sophieduchamp.fr\/wp-content\/uploads\/2024\/10\/2-1-450x377.jpg 450w, https:\/\/sophieduchamp.fr\/wp-content\/uploads\/2024\/10\/2-1-600x503.jpg 600w, https:\/\/sophieduchamp.fr\/wp-content\/uploads\/2024\/10\/2-1-900x754.jpg 900w\" sizes=\"(max-width: 940px) 100vw, 940px\" \/><\/figure>\n\n\n\n<figure class=\"wp-block-image size-large\"><img loading=\"lazy\" decoding=\"async\" width=\"940\" height=\"788\" data-id=\"1942\" src=\"https:\/\/sophieduchamp.fr\/wp-content\/uploads\/2024\/10\/3.jpg\" alt=\"\" class=\"wp-image-1942\" srcset=\"https:\/\/sophieduchamp.fr\/wp-content\/uploads\/2024\/10\/3.jpg 940w, https:\/\/sophieduchamp.fr\/wp-content\/uploads\/2024\/10\/3-300x251.jpg 300w, https:\/\/sophieduchamp.fr\/wp-content\/uploads\/2024\/10\/3-768x644.jpg 768w, https:\/\/sophieduchamp.fr\/wp-content\/uploads\/2024\/10\/3-100x84.jpg 100w, https:\/\/sophieduchamp.fr\/wp-content\/uploads\/2024\/10\/3-150x126.jpg 150w, https:\/\/sophieduchamp.fr\/wp-content\/uploads\/2024\/10\/3-200x168.jpg 200w, https:\/\/sophieduchamp.fr\/wp-content\/uploads\/2024\/10\/3-450x377.jpg 450w, https:\/\/sophieduchamp.fr\/wp-content\/uploads\/2024\/10\/3-600x503.jpg 600w, https:\/\/sophieduchamp.fr\/wp-content\/uploads\/2024\/10\/3-900x754.jpg 900w\" sizes=\"(max-width: 940px) 100vw, 940px\" \/><\/figure>\n\n\n\n<figure class=\"wp-block-image size-large\"><img loading=\"lazy\" decoding=\"async\" width=\"940\" height=\"788\" data-id=\"1939\" src=\"https:\/\/sophieduchamp.fr\/wp-content\/uploads\/2024\/10\/4.jpg\" alt=\"\" class=\"wp-image-1939\" srcset=\"https:\/\/sophieduchamp.fr\/wp-content\/uploads\/2024\/10\/4.jpg 940w, https:\/\/sophieduchamp.fr\/wp-content\/uploads\/2024\/10\/4-300x251.jpg 300w, https:\/\/sophieduchamp.fr\/wp-content\/uploads\/2024\/10\/4-768x644.jpg 768w, https:\/\/sophieduchamp.fr\/wp-content\/uploads\/2024\/10\/4-100x84.jpg 100w, https:\/\/sophieduchamp.fr\/wp-content\/uploads\/2024\/10\/4-150x126.jpg 150w, https:\/\/sophieduchamp.fr\/wp-content\/uploads\/2024\/10\/4-200x168.jpg 200w, https:\/\/sophieduchamp.fr\/wp-content\/uploads\/2024\/10\/4-450x377.jpg 450w, https:\/\/sophieduchamp.fr\/wp-content\/uploads\/2024\/10\/4-600x503.jpg 600w, https:\/\/sophieduchamp.fr\/wp-content\/uploads\/2024\/10\/4-900x754.jpg 900w\" sizes=\"(max-width: 940px) 100vw, 940px\" \/><\/figure>\n<\/figure>\n\n\n\n<div style=\"height:67px\" aria-hidden=\"true\" class=\"wp-block-spacer\"><\/div>\n\n\n\n<p class=\"has-text-color has-link-color has-large-font-size wp-elements-c40cadfccb0903ac36d3f18e4bee68bf\" style=\"color:#d9a299\"><strong>RETRAITE \u00ab\u00a0YOGA &amp; RETOUR A SOI\u00a0\u00bb<\/strong>  Du 13 au 15 septembre 2024<\/p>\n\n\n\n<figure class=\"wp-block-gallery has-nested-images columns-4 is-cropped wp-block-gallery-5 is-layout-flex wp-block-gallery-is-layout-flex\">\n<figure class=\"wp-block-image size-large\"><img loading=\"lazy\" decoding=\"async\" width=\"940\" height=\"788\" data-id=\"1983\" src=\"https:\/\/sophieduchamp.fr\/wp-content\/uploads\/2024\/10\/1-3.jpg\" alt=\"\" class=\"wp-image-1983\" srcset=\"https:\/\/sophieduchamp.fr\/wp-content\/uploads\/2024\/10\/1-3.jpg 940w, https:\/\/sophieduchamp.fr\/wp-content\/uploads\/2024\/10\/1-3-300x251.jpg 300w, https:\/\/sophieduchamp.fr\/wp-content\/uploads\/2024\/10\/1-3-768x644.jpg 768w, https:\/\/sophieduchamp.fr\/wp-content\/uploads\/2024\/10\/1-3-100x84.jpg 100w, https:\/\/sophieduchamp.fr\/wp-content\/uploads\/2024\/10\/1-3-150x126.jpg 150w, https:\/\/sophieduchamp.fr\/wp-content\/uploads\/2024\/10\/1-3-200x168.jpg 200w, https:\/\/sophieduchamp.fr\/wp-content\/uploads\/2024\/10\/1-3-450x377.jpg 450w, https:\/\/sophieduchamp.fr\/wp-content\/uploads\/2024\/10\/1-3-600x503.jpg 600w, https:\/\/sophieduchamp.fr\/wp-content\/uploads\/2024\/10\/1-3-900x754.jpg 900w\" sizes=\"(max-width: 940px) 100vw, 940px\" \/><figcaption class=\"wp-element-caption\">xr:d:DAGB7L3C1hM:48,j:593773581696114068,t:24040913<\/figcaption><\/figure>\n\n\n\n<figure class=\"wp-block-image size-large\"><img loading=\"lazy\" decoding=\"async\" width=\"940\" height=\"788\" data-id=\"1986\" src=\"https:\/\/sophieduchamp.fr\/wp-content\/uploads\/2024\/10\/2-5.jpg\" alt=\"\" class=\"wp-image-1986\" srcset=\"https:\/\/sophieduchamp.fr\/wp-content\/uploads\/2024\/10\/2-5.jpg 940w, https:\/\/sophieduchamp.fr\/wp-content\/uploads\/2024\/10\/2-5-300x251.jpg 300w, https:\/\/sophieduchamp.fr\/wp-content\/uploads\/2024\/10\/2-5-768x644.jpg 768w, https:\/\/sophieduchamp.fr\/wp-content\/uploads\/2024\/10\/2-5-100x84.jpg 100w, https:\/\/sophieduchamp.fr\/wp-content\/uploads\/2024\/10\/2-5-150x126.jpg 150w, https:\/\/sophieduchamp.fr\/wp-content\/uploads\/2024\/10\/2-5-200x168.jpg 200w, https:\/\/sophieduchamp.fr\/wp-content\/uploads\/2024\/10\/2-5-450x377.jpg 450w, https:\/\/sophieduchamp.fr\/wp-content\/uploads\/2024\/10\/2-5-600x503.jpg 600w, https:\/\/sophieduchamp.fr\/wp-content\/uploads\/2024\/10\/2-5-900x754.jpg 900w\" sizes=\"(max-width: 940px) 100vw, 940px\" \/><figcaption class=\"wp-element-caption\">xr:d:DAGB7L3C1hM:48,j:593773581696114068,t:24040913<\/figcaption><\/figure>\n\n\n\n<figure class=\"wp-block-image size-large\"><img loading=\"lazy\" decoding=\"async\" width=\"940\" height=\"788\" data-id=\"1980\" src=\"https:\/\/sophieduchamp.fr\/wp-content\/uploads\/2024\/10\/3-4.jpg\" alt=\"\" class=\"wp-image-1980\" srcset=\"https:\/\/sophieduchamp.fr\/wp-content\/uploads\/2024\/10\/3-4.jpg 940w, https:\/\/sophieduchamp.fr\/wp-content\/uploads\/2024\/10\/3-4-300x251.jpg 300w, https:\/\/sophieduchamp.fr\/wp-content\/uploads\/2024\/10\/3-4-768x644.jpg 768w, https:\/\/sophieduchamp.fr\/wp-content\/uploads\/2024\/10\/3-4-100x84.jpg 100w, https:\/\/sophieduchamp.fr\/wp-content\/uploads\/2024\/10\/3-4-150x126.jpg 150w, https:\/\/sophieduchamp.fr\/wp-content\/uploads\/2024\/10\/3-4-200x168.jpg 200w, https:\/\/sophieduchamp.fr\/wp-content\/uploads\/2024\/10\/3-4-450x377.jpg 450w, https:\/\/sophieduchamp.fr\/wp-content\/uploads\/2024\/10\/3-4-600x503.jpg 600w, https:\/\/sophieduchamp.fr\/wp-content\/uploads\/2024\/10\/3-4-900x754.jpg 900w\" sizes=\"(max-width: 940px) 100vw, 940px\" \/><figcaption class=\"wp-element-caption\">xr:d:DAGB7L3C1hM:48,j:593773581696114068,t:24040913<\/figcaption><\/figure>\n\n\n\n<figure class=\"wp-block-image size-large\"><img loading=\"lazy\" decoding=\"async\" width=\"940\" height=\"788\" data-id=\"1982\" src=\"https:\/\/sophieduchamp.fr\/wp-content\/uploads\/2024\/10\/4-4.jpg\" alt=\"\" class=\"wp-image-1982\" srcset=\"https:\/\/sophieduchamp.fr\/wp-content\/uploads\/2024\/10\/4-4.jpg 940w, https:\/\/sophieduchamp.fr\/wp-content\/uploads\/2024\/10\/4-4-300x251.jpg 300w, https:\/\/sophieduchamp.fr\/wp-content\/uploads\/2024\/10\/4-4-768x644.jpg 768w, https:\/\/sophieduchamp.fr\/wp-content\/uploads\/2024\/10\/4-4-100x84.jpg 100w, https:\/\/sophieduchamp.fr\/wp-content\/uploads\/2024\/10\/4-4-150x126.jpg 150w, https:\/\/sophieduchamp.fr\/wp-content\/uploads\/2024\/10\/4-4-200x168.jpg 200w, https:\/\/sophieduchamp.fr\/wp-content\/uploads\/2024\/10\/4-4-450x377.jpg 450w, https:\/\/sophieduchamp.fr\/wp-content\/uploads\/2024\/10\/4-4-600x503.jpg 600w, https:\/\/sophieduchamp.fr\/wp-content\/uploads\/2024\/10\/4-4-900x754.jpg 900w\" sizes=\"(max-width: 940px) 100vw, 940px\" \/><figcaption class=\"wp-element-caption\">xr:d:DAGB7L3C1hM:48,j:593773581696114068,t:24040913<\/figcaption><\/figure>\n<\/figure>\n\n\n\n<div style=\"height:67px\" aria-hidden=\"true\" class=\"wp-block-spacer\"><\/div>\n\n\n\n<p class=\"has-text-color has-link-color has-large-font-size wp-elements-62c67d21ca936dbd975e1c25e3f9c02b\" style=\"color:#d9a299\"><strong>RETRAITE \u00ab\u00a0YOGA &amp; ECOUTE DE SOI\u00a0\u00bb<\/strong>  Du 9 au 11 f\u00e9vrier 2024<\/p>\n\n\n\n<figure class=\"wp-block-gallery has-nested-images columns-4 is-cropped wp-block-gallery-6 is-layout-flex wp-block-gallery-is-layout-flex\">\n<figure class=\"wp-block-image size-large\"><img loading=\"lazy\" decoding=\"async\" width=\"940\" height=\"788\" data-id=\"1948\" src=\"https:\/\/sophieduchamp.fr\/wp-content\/uploads\/2024\/10\/Retraite-Yoga-Fev-2024-1.jpg\" alt=\"\" class=\"wp-image-1948\" srcset=\"https:\/\/sophieduchamp.fr\/wp-content\/uploads\/2024\/10\/Retraite-Yoga-Fev-2024-1.jpg 940w, https:\/\/sophieduchamp.fr\/wp-content\/uploads\/2024\/10\/Retraite-Yoga-Fev-2024-1-300x251.jpg 300w, https:\/\/sophieduchamp.fr\/wp-content\/uploads\/2024\/10\/Retraite-Yoga-Fev-2024-1-768x644.jpg 768w, https:\/\/sophieduchamp.fr\/wp-content\/uploads\/2024\/10\/Retraite-Yoga-Fev-2024-1-100x84.jpg 100w, https:\/\/sophieduchamp.fr\/wp-content\/uploads\/2024\/10\/Retraite-Yoga-Fev-2024-1-150x126.jpg 150w, https:\/\/sophieduchamp.fr\/wp-content\/uploads\/2024\/10\/Retraite-Yoga-Fev-2024-1-200x168.jpg 200w, https:\/\/sophieduchamp.fr\/wp-content\/uploads\/2024\/10\/Retraite-Yoga-Fev-2024-1-450x377.jpg 450w, https:\/\/sophieduchamp.fr\/wp-content\/uploads\/2024\/10\/Retraite-Yoga-Fev-2024-1-600x503.jpg 600w, https:\/\/sophieduchamp.fr\/wp-content\/uploads\/2024\/10\/Retraite-Yoga-Fev-2024-1-900x754.jpg 900w\" sizes=\"(max-width: 940px) 100vw, 940px\" \/><figcaption class=\"wp-element-caption\">xr:d:DAFyAb2b6xM:34,j:8142916158006210884,t:23110310<\/figcaption><\/figure>\n\n\n\n<figure class=\"wp-block-image size-large\"><img loading=\"lazy\" decoding=\"async\" width=\"940\" height=\"788\" data-id=\"1947\" src=\"https:\/\/sophieduchamp.fr\/wp-content\/uploads\/2024\/10\/Retraite-Yoga-Fev-2024-2.jpg\" alt=\"\" class=\"wp-image-1947\" srcset=\"https:\/\/sophieduchamp.fr\/wp-content\/uploads\/2024\/10\/Retraite-Yoga-Fev-2024-2.jpg 940w, https:\/\/sophieduchamp.fr\/wp-content\/uploads\/2024\/10\/Retraite-Yoga-Fev-2024-2-300x251.jpg 300w, https:\/\/sophieduchamp.fr\/wp-content\/uploads\/2024\/10\/Retraite-Yoga-Fev-2024-2-768x644.jpg 768w, https:\/\/sophieduchamp.fr\/wp-content\/uploads\/2024\/10\/Retraite-Yoga-Fev-2024-2-100x84.jpg 100w, https:\/\/sophieduchamp.fr\/wp-content\/uploads\/2024\/10\/Retraite-Yoga-Fev-2024-2-150x126.jpg 150w, https:\/\/sophieduchamp.fr\/wp-content\/uploads\/2024\/10\/Retraite-Yoga-Fev-2024-2-200x168.jpg 200w, https:\/\/sophieduchamp.fr\/wp-content\/uploads\/2024\/10\/Retraite-Yoga-Fev-2024-2-450x377.jpg 450w, https:\/\/sophieduchamp.fr\/wp-content\/uploads\/2024\/10\/Retraite-Yoga-Fev-2024-2-600x503.jpg 600w, https:\/\/sophieduchamp.fr\/wp-content\/uploads\/2024\/10\/Retraite-Yoga-Fev-2024-2-900x754.jpg 900w\" sizes=\"(max-width: 940px) 100vw, 940px\" \/><figcaption class=\"wp-element-caption\">xr:d:DAFyAb2b6xM:34,j:8142916158006210884,t:23110310<\/figcaption><\/figure>\n\n\n\n<figure class=\"wp-block-image size-large\"><img loading=\"lazy\" decoding=\"async\" width=\"940\" height=\"788\" data-id=\"1950\" src=\"https:\/\/sophieduchamp.fr\/wp-content\/uploads\/2024\/10\/Retraite-Yoga-Fev-2024-3.jpg\" alt=\"\" class=\"wp-image-1950\" srcset=\"https:\/\/sophieduchamp.fr\/wp-content\/uploads\/2024\/10\/Retraite-Yoga-Fev-2024-3.jpg 940w, https:\/\/sophieduchamp.fr\/wp-content\/uploads\/2024\/10\/Retraite-Yoga-Fev-2024-3-300x251.jpg 300w, https:\/\/sophieduchamp.fr\/wp-content\/uploads\/2024\/10\/Retraite-Yoga-Fev-2024-3-768x644.jpg 768w, https:\/\/sophieduchamp.fr\/wp-content\/uploads\/2024\/10\/Retraite-Yoga-Fev-2024-3-100x84.jpg 100w, https:\/\/sophieduchamp.fr\/wp-content\/uploads\/2024\/10\/Retraite-Yoga-Fev-2024-3-150x126.jpg 150w, https:\/\/sophieduchamp.fr\/wp-content\/uploads\/2024\/10\/Retraite-Yoga-Fev-2024-3-200x168.jpg 200w, https:\/\/sophieduchamp.fr\/wp-content\/uploads\/2024\/10\/Retraite-Yoga-Fev-2024-3-450x377.jpg 450w, https:\/\/sophieduchamp.fr\/wp-content\/uploads\/2024\/10\/Retraite-Yoga-Fev-2024-3-600x503.jpg 600w, https:\/\/sophieduchamp.fr\/wp-content\/uploads\/2024\/10\/Retraite-Yoga-Fev-2024-3-900x754.jpg 900w\" sizes=\"(max-width: 940px) 100vw, 940px\" \/><figcaption class=\"wp-element-caption\">xr:d:DAFyAb2b6xM:34,j:8142916158006210884,t:23110310<\/figcaption><\/figure>\n\n\n\n<figure class=\"wp-block-image size-large\"><img loading=\"lazy\" decoding=\"async\" width=\"940\" height=\"788\" data-id=\"1953\" src=\"https:\/\/sophieduchamp.fr\/wp-content\/uploads\/2024\/10\/Retraite-Yoga-Fev-2024-7.jpg\" alt=\"\" class=\"wp-image-1953\" srcset=\"https:\/\/sophieduchamp.fr\/wp-content\/uploads\/2024\/10\/Retraite-Yoga-Fev-2024-7.jpg 940w, https:\/\/sophieduchamp.fr\/wp-content\/uploads\/2024\/10\/Retraite-Yoga-Fev-2024-7-300x251.jpg 300w, https:\/\/sophieduchamp.fr\/wp-content\/uploads\/2024\/10\/Retraite-Yoga-Fev-2024-7-768x644.jpg 768w, https:\/\/sophieduchamp.fr\/wp-content\/uploads\/2024\/10\/Retraite-Yoga-Fev-2024-7-100x84.jpg 100w, https:\/\/sophieduchamp.fr\/wp-content\/uploads\/2024\/10\/Retraite-Yoga-Fev-2024-7-150x126.jpg 150w, https:\/\/sophieduchamp.fr\/wp-content\/uploads\/2024\/10\/Retraite-Yoga-Fev-2024-7-200x168.jpg 200w, https:\/\/sophieduchamp.fr\/wp-content\/uploads\/2024\/10\/Retraite-Yoga-Fev-2024-7-450x377.jpg 450w, https:\/\/sophieduchamp.fr\/wp-content\/uploads\/2024\/10\/Retraite-Yoga-Fev-2024-7-600x503.jpg 600w, https:\/\/sophieduchamp.fr\/wp-content\/uploads\/2024\/10\/Retraite-Yoga-Fev-2024-7-900x754.jpg 900w\" sizes=\"(max-width: 940px) 100vw, 940px\" \/><figcaption class=\"wp-element-caption\">xr:d:DAFyAb2b6xM:34,j:8142916158006210884,t:23110310<\/figcaption><\/figure>\n<\/figure>\n\n\n\n<div style=\"height:67px\" aria-hidden=\"true\" class=\"wp-block-spacer\"><\/div>\n\n\n\n<p class=\"has-text-color has-link-color has-large-font-size wp-elements-79f71a708edef7810f722dcc18ad7561\" style=\"color:#d9a299\"><strong>RETRAITE \u00ab\u00a0YOGA &amp; RETOUR A SOI\u00a0\u00bb<\/strong>  Du 15 au 17 septembre 2023<\/p>\n\n\n\n<figure class=\"wp-block-gallery has-nested-images columns-4 is-cropped wp-block-gallery-7 is-layout-flex wp-block-gallery-is-layout-flex\">\n<figure class=\"wp-block-image size-large\"><img loading=\"lazy\" decoding=\"async\" width=\"940\" height=\"788\" data-id=\"1958\" src=\"https:\/\/sophieduchamp.fr\/wp-content\/uploads\/2024\/10\/1.Retraite-Yoga-Sept-2023.jpg\" alt=\"\" class=\"wp-image-1958\" srcset=\"https:\/\/sophieduchamp.fr\/wp-content\/uploads\/2024\/10\/1.Retraite-Yoga-Sept-2023.jpg 940w, https:\/\/sophieduchamp.fr\/wp-content\/uploads\/2024\/10\/1.Retraite-Yoga-Sept-2023-300x251.jpg 300w, https:\/\/sophieduchamp.fr\/wp-content\/uploads\/2024\/10\/1.Retraite-Yoga-Sept-2023-768x644.jpg 768w, https:\/\/sophieduchamp.fr\/wp-content\/uploads\/2024\/10\/1.Retraite-Yoga-Sept-2023-100x84.jpg 100w, https:\/\/sophieduchamp.fr\/wp-content\/uploads\/2024\/10\/1.Retraite-Yoga-Sept-2023-150x126.jpg 150w, https:\/\/sophieduchamp.fr\/wp-content\/uploads\/2024\/10\/1.Retraite-Yoga-Sept-2023-200x168.jpg 200w, https:\/\/sophieduchamp.fr\/wp-content\/uploads\/2024\/10\/1.Retraite-Yoga-Sept-2023-450x377.jpg 450w, https:\/\/sophieduchamp.fr\/wp-content\/uploads\/2024\/10\/1.Retraite-Yoga-Sept-2023-600x503.jpg 600w, https:\/\/sophieduchamp.fr\/wp-content\/uploads\/2024\/10\/1.Retraite-Yoga-Sept-2023-900x754.jpg 900w\" sizes=\"(max-width: 940px) 100vw, 940px\" \/><figcaption class=\"wp-element-caption\">xr:d:DAFgkTjq6Ps:40,j:3097076384,t:23042015<\/figcaption><\/figure>\n\n\n\n<figure class=\"wp-block-image size-large\"><img loading=\"lazy\" decoding=\"async\" width=\"940\" height=\"788\" data-id=\"1954\" src=\"https:\/\/sophieduchamp.fr\/wp-content\/uploads\/2024\/10\/2-2.jpg\" alt=\"\" class=\"wp-image-1954\" srcset=\"https:\/\/sophieduchamp.fr\/wp-content\/uploads\/2024\/10\/2-2.jpg 940w, https:\/\/sophieduchamp.fr\/wp-content\/uploads\/2024\/10\/2-2-300x251.jpg 300w, https:\/\/sophieduchamp.fr\/wp-content\/uploads\/2024\/10\/2-2-768x644.jpg 768w, https:\/\/sophieduchamp.fr\/wp-content\/uploads\/2024\/10\/2-2-100x84.jpg 100w, https:\/\/sophieduchamp.fr\/wp-content\/uploads\/2024\/10\/2-2-150x126.jpg 150w, https:\/\/sophieduchamp.fr\/wp-content\/uploads\/2024\/10\/2-2-200x168.jpg 200w, https:\/\/sophieduchamp.fr\/wp-content\/uploads\/2024\/10\/2-2-450x377.jpg 450w, https:\/\/sophieduchamp.fr\/wp-content\/uploads\/2024\/10\/2-2-600x503.jpg 600w, https:\/\/sophieduchamp.fr\/wp-content\/uploads\/2024\/10\/2-2-900x754.jpg 900w\" sizes=\"(max-width: 940px) 100vw, 940px\" \/><figcaption class=\"wp-element-caption\">xr:d:DAFgkTjq6Ps:40,j:3097076384,t:23042015<\/figcaption><\/figure>\n\n\n\n<figure class=\"wp-block-image size-large\"><img loading=\"lazy\" decoding=\"async\" width=\"940\" height=\"788\" data-id=\"1957\" src=\"https:\/\/sophieduchamp.fr\/wp-content\/uploads\/2024\/10\/3-1.jpg\" alt=\"\" class=\"wp-image-1957\" srcset=\"https:\/\/sophieduchamp.fr\/wp-content\/uploads\/2024\/10\/3-1.jpg 940w, https:\/\/sophieduchamp.fr\/wp-content\/uploads\/2024\/10\/3-1-300x251.jpg 300w, https:\/\/sophieduchamp.fr\/wp-content\/uploads\/2024\/10\/3-1-768x644.jpg 768w, https:\/\/sophieduchamp.fr\/wp-content\/uploads\/2024\/10\/3-1-100x84.jpg 100w, https:\/\/sophieduchamp.fr\/wp-content\/uploads\/2024\/10\/3-1-150x126.jpg 150w, https:\/\/sophieduchamp.fr\/wp-content\/uploads\/2024\/10\/3-1-200x168.jpg 200w, https:\/\/sophieduchamp.fr\/wp-content\/uploads\/2024\/10\/3-1-450x377.jpg 450w, https:\/\/sophieduchamp.fr\/wp-content\/uploads\/2024\/10\/3-1-600x503.jpg 600w, https:\/\/sophieduchamp.fr\/wp-content\/uploads\/2024\/10\/3-1-900x754.jpg 900w\" sizes=\"(max-width: 940px) 100vw, 940px\" \/><figcaption class=\"wp-element-caption\">xr:d:DAFgkTjq6Ps:40,j:3097076384,t:23042015<\/figcaption><\/figure>\n\n\n\n<figure class=\"wp-block-image size-large\"><img loading=\"lazy\" decoding=\"async\" width=\"940\" height=\"788\" data-id=\"1956\" src=\"https:\/\/sophieduchamp.fr\/wp-content\/uploads\/2024\/10\/4-1.jpg\" alt=\"\" class=\"wp-image-1956\" srcset=\"https:\/\/sophieduchamp.fr\/wp-content\/uploads\/2024\/10\/4-1.jpg 940w, https:\/\/sophieduchamp.fr\/wp-content\/uploads\/2024\/10\/4-1-300x251.jpg 300w, https:\/\/sophieduchamp.fr\/wp-content\/uploads\/2024\/10\/4-1-768x644.jpg 768w, https:\/\/sophieduchamp.fr\/wp-content\/uploads\/2024\/10\/4-1-100x84.jpg 100w, https:\/\/sophieduchamp.fr\/wp-content\/uploads\/2024\/10\/4-1-150x126.jpg 150w, https:\/\/sophieduchamp.fr\/wp-content\/uploads\/2024\/10\/4-1-200x168.jpg 200w, https:\/\/sophieduchamp.fr\/wp-content\/uploads\/2024\/10\/4-1-450x377.jpg 450w, https:\/\/sophieduchamp.fr\/wp-content\/uploads\/2024\/10\/4-1-600x503.jpg 600w, https:\/\/sophieduchamp.fr\/wp-content\/uploads\/2024\/10\/4-1-900x754.jpg 900w\" sizes=\"(max-width: 940px) 100vw, 940px\" \/><figcaption class=\"wp-element-caption\">xr:d:DAFgkTjq6Ps:40,j:3097076384,t:23042015<\/figcaption><\/figure>\n<\/figure>\n\n\n\n<div style=\"height:67px\" aria-hidden=\"true\" class=\"wp-block-spacer\"><\/div>\n\n\n\n<p class=\"has-text-color has-link-color has-large-font-size wp-elements-3631ec11fd57ff49e9260fc8ac285ac8\" style=\"color:#d9a299\"><strong>RETRAITE \u00ab\u00a0YOGA &amp; ECOUTE DE SOI\u00a0\u00bb<\/strong>  Les 10 et 11 d\u00e9cembre 2022<\/p>\n\n\n\n<figure class=\"wp-block-gallery has-nested-images columns-4 is-cropped wp-block-gallery-8 is-layout-flex wp-block-gallery-is-layout-flex\">\n<figure class=\"wp-block-image size-large\"><img loading=\"lazy\" decoding=\"async\" width=\"1024\" height=\"1024\" data-id=\"1961\" src=\"https:\/\/sophieduchamp.fr\/wp-content\/uploads\/2024\/10\/1-1-1024x1024.jpg\" alt=\"\" class=\"wp-image-1961\" srcset=\"https:\/\/sophieduchamp.fr\/wp-content\/uploads\/2024\/10\/1-1-1024x1024.jpg 1024w, https:\/\/sophieduchamp.fr\/wp-content\/uploads\/2024\/10\/1-1-300x300.jpg 300w, https:\/\/sophieduchamp.fr\/wp-content\/uploads\/2024\/10\/1-1-150x150.jpg 150w, https:\/\/sophieduchamp.fr\/wp-content\/uploads\/2024\/10\/1-1-768x768.jpg 768w, https:\/\/sophieduchamp.fr\/wp-content\/uploads\/2024\/10\/1-1-1536x1536.jpg 1536w, https:\/\/sophieduchamp.fr\/wp-content\/uploads\/2024\/10\/1-1-100x100.jpg 100w, https:\/\/sophieduchamp.fr\/wp-content\/uploads\/2024\/10\/1-1-200x200.jpg 200w, https:\/\/sophieduchamp.fr\/wp-content\/uploads\/2024\/10\/1-1-450x450.jpg 450w, https:\/\/sophieduchamp.fr\/wp-content\/uploads\/2024\/10\/1-1-600x600.jpg 600w, https:\/\/sophieduchamp.fr\/wp-content\/uploads\/2024\/10\/1-1-900x900.jpg 900w, https:\/\/sophieduchamp.fr\/wp-content\/uploads\/2024\/10\/1-1.jpg 1654w\" sizes=\"(max-width: 1024px) 100vw, 1024px\" \/><\/figure>\n\n\n\n<figure class=\"wp-block-image size-large\"><img loading=\"lazy\" decoding=\"async\" width=\"1024\" height=\"1024\" data-id=\"1962\" src=\"https:\/\/sophieduchamp.fr\/wp-content\/uploads\/2024\/10\/2-3-1024x1024.jpg\" alt=\"\" class=\"wp-image-1962\" srcset=\"https:\/\/sophieduchamp.fr\/wp-content\/uploads\/2024\/10\/2-3-1024x1024.jpg 1024w, https:\/\/sophieduchamp.fr\/wp-content\/uploads\/2024\/10\/2-3-300x300.jpg 300w, https:\/\/sophieduchamp.fr\/wp-content\/uploads\/2024\/10\/2-3-150x150.jpg 150w, https:\/\/sophieduchamp.fr\/wp-content\/uploads\/2024\/10\/2-3-768x768.jpg 768w, https:\/\/sophieduchamp.fr\/wp-content\/uploads\/2024\/10\/2-3-1536x1536.jpg 1536w, https:\/\/sophieduchamp.fr\/wp-content\/uploads\/2024\/10\/2-3-100x100.jpg 100w, https:\/\/sophieduchamp.fr\/wp-content\/uploads\/2024\/10\/2-3-200x200.jpg 200w, https:\/\/sophieduchamp.fr\/wp-content\/uploads\/2024\/10\/2-3-450x450.jpg 450w, https:\/\/sophieduchamp.fr\/wp-content\/uploads\/2024\/10\/2-3-600x600.jpg 600w, https:\/\/sophieduchamp.fr\/wp-content\/uploads\/2024\/10\/2-3-900x900.jpg 900w, https:\/\/sophieduchamp.fr\/wp-content\/uploads\/2024\/10\/2-3.jpg 1654w\" sizes=\"(max-width: 1024px) 100vw, 1024px\" \/><\/figure>\n\n\n\n<figure class=\"wp-block-image size-large\"><img loading=\"lazy\" decoding=\"async\" width=\"1024\" height=\"1024\" data-id=\"1964\" src=\"https:\/\/sophieduchamp.fr\/wp-content\/uploads\/2024\/10\/3-2-1024x1024.jpg\" alt=\"\" class=\"wp-image-1964\" srcset=\"https:\/\/sophieduchamp.fr\/wp-content\/uploads\/2024\/10\/3-2-1024x1024.jpg 1024w, https:\/\/sophieduchamp.fr\/wp-content\/uploads\/2024\/10\/3-2-300x300.jpg 300w, https:\/\/sophieduchamp.fr\/wp-content\/uploads\/2024\/10\/3-2-150x150.jpg 150w, https:\/\/sophieduchamp.fr\/wp-content\/uploads\/2024\/10\/3-2-768x768.jpg 768w, https:\/\/sophieduchamp.fr\/wp-content\/uploads\/2024\/10\/3-2-1536x1536.jpg 1536w, https:\/\/sophieduchamp.fr\/wp-content\/uploads\/2024\/10\/3-2-100x100.jpg 100w, https:\/\/sophieduchamp.fr\/wp-content\/uploads\/2024\/10\/3-2-200x200.jpg 200w, https:\/\/sophieduchamp.fr\/wp-content\/uploads\/2024\/10\/3-2-450x450.jpg 450w, https:\/\/sophieduchamp.fr\/wp-content\/uploads\/2024\/10\/3-2-600x600.jpg 600w, https:\/\/sophieduchamp.fr\/wp-content\/uploads\/2024\/10\/3-2-900x900.jpg 900w, https:\/\/sophieduchamp.fr\/wp-content\/uploads\/2024\/10\/3-2.jpg 1654w\" sizes=\"(max-width: 1024px) 100vw, 1024px\" \/><\/figure>\n<\/figure>\n\n\n\n<div style=\"height:67px\" aria-hidden=\"true\" class=\"wp-block-spacer\"><\/div>\n\n\n\n<figure class=\"wp-block-image aligncenter size-full is-resized\"><img loading=\"lazy\" decoding=\"async\" width=\"186\" height=\"425\" src=\"https:\/\/sophieduchamp.fr\/wp-content\/uploads\/2026\/03\/dddd.jpg\" alt=\"\" class=\"wp-image-2454\" style=\"aspect-ratio:0.43766749838277424;width:108px;height:auto\" srcset=\"https:\/\/sophieduchamp.fr\/wp-content\/uploads\/2026\/03\/dddd.jpg 186w, https:\/\/sophieduchamp.fr\/wp-content\/uploads\/2026\/03\/dddd-131x300.jpg 131w, https:\/\/sophieduchamp.fr\/wp-content\/uploads\/2026\/03\/dddd-100x228.jpg 100w, https:\/\/sophieduchamp.fr\/wp-content\/uploads\/2026\/03\/dddd-150x343.jpg 150w\" sizes=\"(max-width: 186px) 100vw, 186px\" \/><\/figure>\n","protected":false},"excerpt":{"rendered":"<p>Espace Sacr\u00e9 de Retour en Soi Depuis d\u00e9cembre 2022, je propose 2 \u00e0 3 fois par an un temps de retraite, de retour en soi, aux femmes d\u00e9sireuses de prendre soin d&rsquo;elles. J&rsquo;aime ces espaces, que j&rsquo;appelle \u00ab\u00a0sacr\u00e9s\u00a0\u00bb. Uniques, magiques, &hellip;<\/p>\n<p class=\"read-more\"> <a class=\"more-link\" href=\"https:\/\/sophieduchamp.fr\/index.php\/retraites-2\/\"> <span class=\"screen-reader-text\">RETRAITES<\/span> Read More &raquo;<\/a><\/p>\n","protected":false},"author":1,"featured_media":0,"parent":0,"menu_order":0,"comment_status":"closed","ping_status":"closed","template":"","meta":{"footnotes":""},"class_list":["post-2086","page","type-page","status-publish","hentry"],"featured_image_src":"","featured_image_src_square":false,"rbea_author_info":{"display_name":"admin5230","author_link":"https:\/\/sophieduchamp.fr\/index.php\/author\/admin5230\/"},"rbea_excerpt_info":"Espace Sacr\u00e9 de Retour en Soi Depuis d\u00e9cembre 2022, je propose 2 \u00e0 3 fois par an un temps de retraite, de retour en soi, aux femmes d\u00e9sireuses de prendre soin d&rsquo;elles. J&rsquo;aime ces espaces, que j&rsquo;appelle \u00ab\u00a0sacr\u00e9s\u00a0\u00bb. Uniques, magiques, &hellip;<p class=\"read-more\"> <a class=\"more-link\" href=\"https:\/\/sophieduchamp.fr\/index.php\/retraites-2\/\"> <span class=\"screen-reader-text\">RETRAITES<\/span> Read More &raquo;<\/a><\/p>","_links":{"self":[{"href":"https:\/\/sophieduchamp.fr\/index.php\/wp-json\/wp\/v2\/pages\/2086","targetHints":{"allow":["GET"]}}],"collection":[{"href":"https:\/\/sophieduchamp.fr\/index.php\/wp-json\/wp\/v2\/pages"}],"about":[{"href":"https:\/\/sophieduchamp.fr\/index.php\/wp-json\/wp\/v2\/types\/page"}],"author":[{"embeddable":true,"href":"https:\/\/sophieduchamp.fr\/index.php\/wp-json\/wp\/v2\/users\/1"}],"replies":[{"embeddable":true,"href":"https:\/\/sophieduchamp.fr\/index.php\/wp-json\/wp\/v2\/comments?post=2086"}],"version-history":[{"count":32,"href":"https:\/\/sophieduchamp.fr\/index.php\/wp-json\/wp\/v2\/pages\/2086\/revisions"}],"predecessor-version":[{"id":2598,"href":"https:\/\/sophieduchamp.fr\/index.php\/wp-json\/wp\/v2\/pages\/2086\/revisions\/2598"}],"wp:attachment":[{"href":"https:\/\/sophieduchamp.fr\/index.php\/wp-json\/wp\/v2\/media?parent=2086"}],"curies":[{"name":"wp","href":"https:\/\/api.w.org\/{rel}","templated":true}]}}